{"id":8793,"date":"2019-06-10T12:14:43","date_gmt":"2019-06-10T15:14:43","guid":{"rendered":"http:\/\/uab.ufsc.br\/?page_id=8793"},"modified":"2019-06-10T12:14:43","modified_gmt":"2019-06-10T15:14:43","slug":"equipe","status":"publish","type":"page","link":"https:\/\/nute.ufsc.br\/uab\/equipe\/","title":{"rendered":"Equipe"},"content":{"rendered":"<p style=\"text-align: center\"><strong>Para solicitar atendimento, acesse nossa p\u00e1gina de atendimento institucional:<\/strong><\/p>\n<p style=\"text-align: center\"><strong>Usu\u00e1rios autenticados no IdUFSC:\u00a0<a href=\"https:\/\/atendimento.ufsc.br\/otrs\/customer.pl?Action=NewTicketWizard;QueueID=176\">https:\/\/atendimento.ufsc.br\/uab<\/a><\/strong><\/p>\n<p style=\"text-align: center\"><strong>Usu\u00e1rios externos:\u00a0<a href=\"http:\/\/atendimento.ufsc.br\/uab.externos\" target=\"_blank\" rel=\"noopener\">atendimento.ufsc.br\/uab.externos<\/a><\/strong><\/p>\n<p>&nbsp;<\/p>\n<p><strong>Secret\u00e1ria de Educa\u00e7\u00e3o a Dist\u00e2ncia<\/strong><br \/>\nProfa<span style=\"color: #000000\">.\u00a0<span>Susan Aparecida de Oliveira<\/span><\/span><span><br \/>\n<\/span>susan.oliveira@ufsc.br<br \/>\n48 3721 4441<\/p>\n<p><strong>Coordenador UAB\/UFSC<br \/>\n<\/strong>Rafael Pereira Ocampo Mor\u00e9 &#8211;\u00a0rafael.more@ufsc.br<br \/>\n48 3721 6995<\/p>\n<p><strong>Coordenador Adjunto UAB\/UFSC<br \/>\n<\/strong>Isaias Scalabrin Bianchi-\u00a0isaias.bianchi@ufsc.br<br \/>\n48 3721 6995<\/p>\n<p><strong>Equipe T\u00e9cnica<\/strong><\/p>\n<p>Andrey Anderson dos Santos &#8211; andrey.santos@ufsc.br (afastado para forma\u00e7\u00e3o)<br \/>\n48 3721 6995<\/p>\n<p>S\u00e9rgio Machado Wolf &#8211;\u00a0sergio.wolf@ufsc.br<\/p>\n<p>48 3721 6995<\/p>\n<p><strong>E-mail do setor: <\/strong>uab@contato.ufsc.br<\/p>\n","protected":false},"excerpt":{"rendered":"<p>Para solicitar atendimento, acesse nossa p\u00e1gina de atendimento institucional: Usu\u00e1rios autenticados no IdUFSC:\u00a0https:\/\/atendimento.ufsc.br\/uab Usu\u00e1rios externos:\u00a0atendimento.ufsc.br\/uab.externos &nbsp; Secret\u00e1ria de Educa\u00e7\u00e3o a Dist\u00e2ncia Profa.\u00a0Susan Aparecida de Oliveira susan.oliveira@ufsc.br 48 3721 4441 Coordenador UAB\/UFSC Rafael Pereira Ocampo Mor\u00e9 &#8211;\u00a0rafael.more@ufsc.br 48 3721 6995 Coordenador Adjunto UAB\/UFSC Isaias Scalabrin Bianchi-\u00a0isaias.bianchi@ufsc.br 48 3721 6995 Equipe T\u00e9cnica Andrey Anderson dos Santos &#8211; [&hellip;]<\/p>\n","protected":false},"author":1,"featured_media":0,"parent":0,"menu_order":0,"comment_status":"closed","ping_status":"open","template":"","meta":{"_et_pb_use_builder":"","_et_pb_old_content":"","_et_gb_content_width":"","inline_featured_image":false,"footnotes":""},"class_list":["post-8793","page","type-page","status-publish","hentry"],"_links":{"self":[{"href":"https:\/\/nute.ufsc.br\/uab\/wp-json\/wp\/v2\/pages\/8793","targetHints":{"allow":["GET"]}}],"collection":[{"href":"https:\/\/nute.ufsc.br\/uab\/wp-json\/wp\/v2\/pages"}],"about":[{"href":"https:\/\/nute.ufsc.br\/uab\/wp-json\/wp\/v2\/types\/page"}],"author":[{"embeddable":true,"href":"https:\/\/nute.ufsc.br\/uab\/wp-json\/wp\/v2\/users\/1"}],"replies":[{"embeddable":true,"href":"https:\/\/nute.ufsc.br\/uab\/wp-json\/wp\/v2\/comments?post=8793"}],"version-history":[{"count":0,"href":"https:\/\/nute.ufsc.br\/uab\/wp-json\/wp\/v2\/pages\/8793\/revisions"}],"wp:attachment":[{"href":"https:\/\/nute.ufsc.br\/uab\/wp-json\/wp\/v2\/media?parent=8793"}],"curies":[{"name":"wp","href":"https:\/\/api.w.org\/{rel}","templated":true}]}}