{"id":8789,"date":"2019-06-10T12:14:26","date_gmt":"2019-06-10T15:14:26","guid":{"rendered":"http:\/\/uab.ufsc.br\/?page_id=8789"},"modified":"2023-03-22T13:40:13","modified_gmt":"2023-03-22T16:40:13","slug":"apresentacao","status":"publish","type":"page","link":"https:\/\/nute.ufsc.br\/uab\/apresentacao\/","title":{"rendered":"Apresenta\u00e7\u00e3o"},"content":{"rendered":"<p>[et_pb_section admin_label=&#8221;section&#8221;]<br \/>\n\t\t\t[et_pb_row admin_label=&#8221;row&#8221;]<br \/>\n\t\t\t\t[et_pb_column type=&#8221;4_4&#8243;][et_pb_text admin_label=&#8221;Text&#8221;]<\/p>\n<p style=\"text-align: center\">&nbsp;<\/p>\n<p style=\"text-align: justify\">A <strong>Universidade Aberta do Brasil<\/strong> (UAB) \u00e9 um sistema composto por institui\u00e7\u00f5es p\u00fablicas de ensino superior (universidades estaduais e federais e institutos federais). Deste modo, n\u00e3o representa uma universidade fisicamente constitu\u00edda e\/ou localizada.<\/p>\n<p>O sistema est\u00e1 voltado, principalmente, para o oferecimento de cursos superiores a dist\u00e2ncia a partir da articula\u00e7\u00e3o entre as esferas municipais, estaduais e federais. A UAB visa ofertar cursos superiores \u00e0quelas pessoas que t\u00eam algum tipo de dificuldade de acesso \u00e0 universidade e atende, prioritariamente, professores que atuam na educa\u00e7\u00e3o b\u00e1sica e que n\u00e3o t\u00eam forma\u00e7\u00e3o espec\u00edfica, assim como est\u00e1 voltada para o p\u00fablico em geral.<\/p>\n<p>A coordena\u00e7\u00e3o do sistema UAB \u00e9 realizada pela Coordena\u00e7\u00e3o de Aperfei\u00e7oamento de Pessoal de N\u00edvel Superior (CAPES), conforme estabelecido pela\u00a0<a href=\"http:\/\/uab.capes.gov.br\/images\/stories\/downloads\/legislacao\/Portaria318_2Abr09_UABparaCAPES.pdf\">Portaria n\u00b0 318\/MEC\/2009<\/a>.<\/p>\n<p>Acesse o v\u00eddeo de apresenta\u00e7\u00e3o da UAB\/UFSC no YouTube no link:\u00a0<a href=\"https:\/\/youtu.be\/7z1DLXcbT54\" target=\"_blank\" rel=\"noopener\">https:\/\/youtu.be\/7z1DLXcbT54<\/a><a href=\"https:\/\/youtu.be\/7z1DLXcbT54\">V\u00eddeo<\/a>.[\/et_pb_text][\/et_pb_column]<br \/>\n\t\t\t[\/et_pb_row]<br \/>\n\t\t[\/et_pb_section]<\/p>\n","protected":false},"excerpt":{"rendered":"<p>&nbsp; A Universidade Aberta do Brasil (UAB) \u00e9 um sistema composto por institui\u00e7\u00f5es p\u00fablicas de ensino superior (universidades estaduais e federais e institutos federais). Deste modo, n\u00e3o representa uma universidade fisicamente constitu\u00edda e\/ou localizada. O sistema est\u00e1 voltado, principalmente, para o oferecimento de cursos superiores a dist\u00e2ncia a partir da articula\u00e7\u00e3o entre as esferas municipais, [&hellip;]<\/p>\n","protected":false},"author":1,"featured_media":0,"parent":0,"menu_order":0,"comment_status":"closed","ping_status":"open","template":"","meta":{"_et_pb_use_builder":"on","_et_pb_old_content":"<p style=\"text-align: center\">&nbsp;<\/p>\n<p style=\"text-align: justify\">A <strong>Universidade Aberta do Brasil<\/strong> (UAB) \u00e9 um sistema composto por institui\u00e7\u00f5es p\u00fablicas de ensino superior (universidades estaduais e federais e institutos federais). Deste modo, n\u00e3o representa uma universidade fisicamente constitu\u00edda e\/ou localizada.<\/p>\nO sistema est\u00e1 voltado, principalmente, para o oferecimento de cursos superiores a dist\u00e2ncia a partir da articula\u00e7\u00e3o entre as esferas municipais, estaduais e federais. A UAB visa ofertar cursos superiores \u00e0quelas pessoas que t\u00eam algum tipo de dificuldade de acesso \u00e0 universidade e atende, prioritariamente, professores que atuam na educa\u00e7\u00e3o b\u00e1sica e que n\u00e3o t\u00eam forma\u00e7\u00e3o espec\u00edfica, assim como est\u00e1 voltada para o p\u00fablico em geral.\n\nA coordena\u00e7\u00e3o do sistema UAB \u00e9 realizada pela Coordena\u00e7\u00e3o de Aperfei\u00e7oamento de Pessoal de N\u00edvel Superior (CAPES), conforme estabelecido pela\u00a0<a href=\"http:\/\/uab.capes.gov.br\/images\/stories\/downloads\/legislacao\/Portaria318_2Abr09_UABparaCAPES.pdf\">Portaria n\u00b0 318\/MEC\/2009<\/a>.\n\nAcesse o v\u00eddeo de apresenta\u00e7\u00e3o da UAB\/UFSC no YouTube no link:\u00a0<a href=\"https:\/\/youtu.be\/7z1DLXcbT54\" target=\"_blank\" rel=\"noopener\">https:\/\/youtu.be\/7z1DLXcbT54<\/a><a href=\"https:\/\/youtu.be\/7z1DLXcbT54\">V\u00eddeo<\/a>.","_et_gb_content_width":"","inline_featured_image":false,"footnotes":""},"class_list":["post-8789","page","type-page","status-publish","hentry"],"_links":{"self":[{"href":"https:\/\/nute.ufsc.br\/uab\/wp-json\/wp\/v2\/pages\/8789","targetHints":{"allow":["GET"]}}],"collection":[{"href":"https:\/\/nute.ufsc.br\/uab\/wp-json\/wp\/v2\/pages"}],"about":[{"href":"https:\/\/nute.ufsc.br\/uab\/wp-json\/wp\/v2\/types\/page"}],"author":[{"embeddable":true,"href":"https:\/\/nute.ufsc.br\/uab\/wp-json\/wp\/v2\/users\/1"}],"replies":[{"embeddable":true,"href":"https:\/\/nute.ufsc.br\/uab\/wp-json\/wp\/v2\/comments?post=8789"}],"version-history":[{"count":1,"href":"https:\/\/nute.ufsc.br\/uab\/wp-json\/wp\/v2\/pages\/8789\/revisions"}],"predecessor-version":[{"id":12841,"href":"https:\/\/nute.ufsc.br\/uab\/wp-json\/wp\/v2\/pages\/8789\/revisions\/12841"}],"wp:attachment":[{"href":"https:\/\/nute.ufsc.br\/uab\/wp-json\/wp\/v2\/media?parent=8789"}],"curies":[{"name":"wp","href":"https:\/\/api.w.org\/{rel}","templated":true}]}}