{"id":8775,"date":"2019-06-10T12:00:51","date_gmt":"2019-06-10T15:00:51","guid":{"rendered":"http:\/\/uab.ufsc.br\/?page_id=8775"},"modified":"2019-06-10T12:00:51","modified_gmt":"2019-06-10T15:00:51","slug":"editais","status":"publish","type":"page","link":"https:\/\/nute.ufsc.br\/uab\/editais\/","title":{"rendered":"Transpar\u00eancia de Editais"},"content":{"rendered":"<p><strong>Acesso ao Edital da Coordena\u00e7\u00e3o Geral (desde 2019): <\/strong><a href=\"http:\/\/nute.ufsc.br\/uab\/wp-content\/uploads\/2019\/06\/Edital-Coordenacao-UAB-2019-2023.pdf\">Edital n\u00ba10\/SEAD\/UFSC\/2019<\/a><\/p>\n<p><strong>Portarias de nomea\u00e7\u00e3o &#8211; Gest\u00e3o Atual:<\/strong><\/p>\n<ul>\n<li><a href=\"http:\/\/nute.ufsc.br\/uab\/wp-content\/uploads\/2019\/06\/2019-05-23-Portaria-n1085-GR-2019-Rafael-More.pdf\">Coordenador Geral (2019-2021)<\/a><\/li>\n<li><a href=\"http:\/\/nute.ufsc.br\/uab\/wp-content\/uploads\/2019\/06\/2021-04-13-Portaria-n521-GR-2021-Rafael-More.pdf\">Coordenador Geral (2021-2023)<\/a><\/li>\n<li><a href=\"http:\/\/nute.ufsc.br\/uab\/wp-content\/uploads\/2019\/06\/Portaria-n1086-GR-2019-Isaias-Bianchi.pdf\">Coordenador Adjunto (2019-2021)<\/a><\/li>\n<li><a href=\"http:\/\/nute.ufsc.br\/uab\/wp-content\/uploads\/2019\/06\/2021-04-13-Portaria-n518-GR-2021-Isaias-Bianchi.pdf\">Coordenador Adjunto (2021-2023)<\/a><\/li>\n<li><a href=\"http:\/\/nute.ufsc.br\/uab\/wp-content\/uploads\/2019\/06\/Portaria-Monica-Motta-Lino-ate-2021.pdf\">Coordena\u00e7\u00e3o de Tutoria (2020-2021)<\/a><\/li>\n<li><a href=\"http:\/\/nute.ufsc.br\/uab\/wp-content\/uploads\/2019\/06\/Coordenacao-de-Tutoria-2021-2023.pdf\">Coordena\u00e7\u00e3o de Tutoria (2021-2023)<\/a><\/li>\n<\/ul>\n<p><strong>Transpar\u00eancia dos Editais a partir de maio de 2019<\/strong><\/p>\n<table border=\"0\" cellspacing=\"0\" cellpadding=\"0\" width=\"597\">\n<col width=\"123\"><\/col>\n<col width=\"326\"><\/col>\n<col width=\"148\"><\/col>\n<tbody>\n<tr>\n<td width=\"123\" height=\"21\">EDITAL<\/td>\n<td width=\"326\">DESCRI\u00c7\u00c3O<\/td>\n<td width=\"148\">COMPROVANTES<\/td>\n<\/tr>\n<tr>\n<td width=\"123\" height=\"21\">016\/2019<\/td>\n<td width=\"326\">Sele\u00e7\u00e3o de Estagi\u00e1rios<\/td>\n<td width=\"148\"><a href=\"https:\/\/uab.ufsc.br\/files\/2019\/06\/16-19.pdf\">Arquivos do Edital<\/a><\/td>\n<\/tr>\n<tr>\n<td width=\"123\" height=\"21\">017\/2019<\/td>\n<td width=\"326\">Sele\u00e7\u00e3o de Tutores a Dist\u00e2ncia:   Ci\u00eancias Biol\u00f3gicas<\/td>\n<td width=\"148\"><a href=\"https:\/\/uab.ufsc.br\/files\/2019\/06\/17-19.pdf\">Arquivos do Edital<\/a><\/td>\n<\/tr>\n<tr>\n<td width=\"123\" height=\"21\">018\/2019<\/td>\n<td width=\"326\">Sele\u00e7\u00e3o de Estagi\u00e1rios: Game   Comenius<\/td>\n<td width=\"148\"><a href=\"https:\/\/uab.ufsc.br\/files\/2019\/06\/18-19.pdf\">Arquivos do Edital<\/a><\/td>\n<\/tr>\n<tr>\n<td width=\"123\" height=\"21\">019\/2019<\/td>\n<td width=\"326\">Sele\u00e7\u00e3o de Estagi\u00e1rios<\/td>\n<td width=\"148\"><a href=\"https:\/\/uab.ufsc.br\/files\/2019\/06\/19-19.pdf\">Arquivos do Edital<\/a><\/td>\n<\/tr>\n<tr>\n<td width=\"123\" height=\"21\">020\/2019<\/td>\n<td width=\"326\">Sele\u00e7\u00e3o de Estagi\u00e1rios: Game   Comenius<\/td>\n<td width=\"148\"><a href=\"https:\/\/uab.ufsc.br\/files\/2019\/06\/20-19.pdf\">Arquivos do Edital<\/a><\/td>\n<\/tr>\n<tr>\n<td width=\"123\" height=\"21\">021\/2019<\/td>\n<td width=\"326\">Sele\u00e7\u00e3o de Estagi\u00e1rios<\/td>\n<td width=\"148\"><a href=\"https:\/\/uab.ufsc.br\/files\/2019\/06\/21-19.pdf\">Arquivos do Edital<\/a><\/td>\n<\/tr>\n<tr>\n<td width=\"123\" height=\"21\">022\/2019<\/td>\n<td width=\"326\">Processo Seletivo para Tutor:   Letras Portugu\u00eas<\/td>\n<td width=\"148\"><a href=\"https:\/\/uab.ufsc.br\/files\/2019\/06\/22-19.pdf\">Arquivos do Edital<\/a><\/td>\n<\/tr>\n<tr>\n<td width=\"123\" height=\"41\">023\/2019<\/td>\n<td width=\"326\">Sele\u00e7\u00e3o de Professores Formadores<\/td>\n<td width=\"148\"><a href=\"https:\/\/uab.ufsc.br\/files\/2019\/06\/23-19.pdf\">Arquivos do Edital<\/a><\/td>\n<\/tr>\n<tr>\n<td width=\"123\" height=\"21\">024\/2019<\/td>\n<td width=\"326\">Sele\u00e7\u00e3o de Estagi\u00e1rios<\/td>\n<td width=\"148\"><a href=\"https:\/\/uab.ufsc.br\/files\/2019\/06\/24-19.pdf\">Arquivos do Edital<\/a><\/td>\n<\/tr>\n<tr>\n<td width=\"123\" height=\"21\">025\/2019<\/td>\n<td width=\"326\">Sele\u00e7\u00e3o de Estagi\u00e1rios<\/td>\n<td width=\"148\"><a href=\"https:\/\/uab.ufsc.br\/files\/2019\/06\/25-19.pdf\">Arquivos do Edital<\/a><\/td>\n<\/tr>\n<tr>\n<td width=\"123\" height=\"21\">026\/2019<\/td>\n<td width=\"326\">Sele\u00e7\u00e3o de Estagi\u00e1rios<\/td>\n<td width=\"148\"><a href=\"https:\/\/uab.ufsc.br\/files\/2019\/06\/26-19.pdf\">Arquivos do Edital<\/a><\/td>\n<\/tr>\n<tr>\n<td width=\"123\" height=\"21\">027\/2019<\/td>\n<td width=\"326\">Sele\u00e7\u00e3o de Estagi\u00e1rios &#8211; Int\u00e9rprete de Libras<\/td>\n<td width=\"148\"><a href=\"https:\/\/uab.ufsc.br\/files\/2019\/06\/27-19.pdf\">Arquivos do Edital<\/a><\/td>\n<\/tr>\n<tr>\n<td width=\"123\" height=\"21\">028\/2019<\/td>\n<td width=\"326\">Sele\u00e7\u00e3o de Estagi\u00e1rios: Game   Comenius<\/td>\n<td width=\"148\"><a href=\"https:\/\/uab.ufsc.br\/files\/2019\/06\/28-19.pdf\">Arquivos do Edital<\/a><\/td>\n<\/tr>\n<tr>\n<td width=\"123\" height=\"21\">029\/2019<\/td>\n<td width=\"326\">Sele\u00e7\u00e3o de Estagi\u00e1rios<\/td>\n<td width=\"148\"><a href=\"https:\/\/uab.ufsc.br\/files\/2019\/06\/29-19.pdf\">Arquivos do Edital<\/a><\/td>\n<\/tr>\n<tr>\n<td width=\"123\" height=\"21\">030\/2019<\/td>\n<td width=\"326\">Sele\u00e7\u00e3o de Tutor &#8211; Letras Portugu\u00eas<\/td>\n<td width=\"148\"><a href=\"https:\/\/uab.ufsc.br\/files\/2019\/06\/30-19.pdf\">Arquivos do Edital<\/a><\/td>\n<\/tr>\n<tr>\n<td width=\"123\" height=\"21\">031\/2019<\/td>\n<td width=\"326\">Sele\u00e7\u00e3o de Estagi\u00e1rios &#8211; Int\u00e9rprete de Libras<\/td>\n<td width=\"148\"><a href=\"https:\/\/uab.ufsc.br\/files\/2019\/06\/31-19.pdf\">Arquivos do Edital<\/a><\/td>\n<\/tr>\n<tr>\n<td width=\"123\" height=\"21\">032\/2019<\/td>\n<td width=\"326\">Sele\u00e7\u00e3o de Estagi\u00e1rios &#8211; Designer   Gr\u00e1fico<\/td>\n<td width=\"148\"><a href=\"https:\/\/uab.ufsc.br\/files\/2019\/06\/32-19.pdf\">Arquivos do Edital<\/a><\/td>\n<\/tr>\n<tr>\n<td width=\"123\" height=\"21\">033\/2019<\/td>\n<td width=\"326\">Sele\u00e7\u00e3o de Estagi\u00e1rios<\/td>\n<td width=\"148\"><a href=\"https:\/\/uab.ufsc.br\/files\/2019\/06\/33-19.pdf\">Arquivos do Edital<\/a><\/td>\n<\/tr>\n<tr>\n<td width=\"123\" height=\"21\">034\/2019<\/td>\n<td width=\"326\">Sele\u00e7\u00e3o de Tutor   Presencial<\/td>\n<td width=\"148\"><a href=\"https:\/\/uab.ufsc.br\/files\/2019\/06\/34-19.pdf\">Arquivos do Edital<\/a><\/td>\n<\/tr>\n<tr>\n<td width=\"123\" height=\"41\">035\/2019<\/td>\n<td width=\"326\">Sele\u00e7\u00e3o de Professor de Repercurso &#8211; Administra\u00e7\u00e3o<\/td>\n<td width=\"148\"><a href=\"https:\/\/uab.ufsc.br\/files\/2019\/06\/35-19.pdf\">Arquivos do Edital<\/a><\/td>\n<\/tr>\n<tr>\n<td width=\"123\" height=\"21\">037\/2019<\/td>\n<td width=\"326\">Sele\u00e7\u00e3o de Estagi\u00e1rios<\/td>\n<td width=\"148\"><a href=\"https:\/\/uab.ufsc.br\/files\/2019\/06\/37-19.pdf\">Arquivos do Edital<\/a><\/td>\n<\/tr>\n<tr>\n<td width=\"123\" height=\"41\">038\/2019<\/td>\n<td width=\"326\">Processo Seletivo para Tutor a   Dist\u00e2ncia: Administra\u00e7\u00e3o<\/td>\n<td width=\"148\"><a href=\"https:\/\/uab.ufsc.br\/files\/2019\/06\/38-19.pdf\">Arquivos do Edital<\/a><\/td>\n<\/tr>\n<tr>\n<td width=\"123\" height=\"41\">039\/2019<\/td>\n<td width=\"326\">Sele\u00e7\u00e3o de Professor   Conteudista Multidisciplinar<\/td>\n<td width=\"148\"><a href=\"https:\/\/uab.ufsc.br\/files\/2019\/06\/39-19.pdf\">Arquivos do Edital<\/a><\/td>\n<\/tr>\n<tr>\n<td width=\"123\" height=\"21\">040\/2019<\/td>\n<td width=\"326\">Sele\u00e7\u00e3o de Estagi\u00e1rios<\/td>\n<td width=\"148\"><a href=\"https:\/\/uab.ufsc.br\/files\/2019\/06\/40-19.pdf\">Arquivos do Edital<\/a><\/td>\n<\/tr>\n<tr>\n<td width=\"123\" height=\"21\">041\/2019<\/td>\n<td width=\"326\">Sele\u00e7\u00e3o de Tutor &#8211; Letras Portugu\u00eas<\/td>\n<td width=\"148\"><a href=\"https:\/\/uab.ufsc.br\/files\/2019\/06\/41-19.pdf\">Arquivos do Edital<\/a><\/td>\n<\/tr>\n<tr>\n<td width=\"123\" height=\"41\">042\/2019<\/td>\n<td width=\"326\">Processo Seletivo para Tutor a   Dist\u00e2ncia: Administra\u00e7\u00e3o<\/td>\n<td width=\"148\"><a href=\"https:\/\/uab.ufsc.br\/files\/2019\/06\/42-19.pdf\">Arquivos do Edital<\/a><\/td>\n<\/tr>\n<tr>\n<td width=\"123\" height=\"41\">043\/2019<\/td>\n<td width=\"326\">Sele\u00e7\u00e3o de Professor   Conteudista &#8211; Equipe Multidisciplinar<\/td>\n<td width=\"148\"><a href=\"https:\/\/uab.ufsc.br\/files\/2019\/06\/43-19.pdf\">Arquivos do Edital<\/a><\/td>\n<\/tr>\n<tr>\n<td width=\"123\" height=\"61\">044\/2019<\/td>\n<td width=\"326\">Sele\u00e7\u00e3o\u00a0 de Professor Conteudista \u2013 Equipe Multidisciplinar<\/td>\n<td width=\"148\"><a href=\"https:\/\/uab.ufsc.br\/files\/2019\/06\/44-19.pdf\">Arquivos do Edital<\/a><\/td>\n<\/tr>\n<tr>\n<td width=\"123\" height=\"41\">045\/2019<\/td>\n<td width=\"326\">Sele\u00e7\u00e3o de Professor Formador &#8211; Administra\u00e7\u00e3o P\u00fablica<\/td>\n<td width=\"148\"><a href=\"https:\/\/uab.ufsc.br\/files\/2019\/06\/45-19.pdf\">Arquivos do Edital<\/a><\/td>\n<\/tr>\n<tr>\n<td width=\"123\" height=\"21\">046\/2019<\/td>\n<td width=\"326\">Sele\u00e7\u00e3o de Tutor   Presencial<\/td>\n<td width=\"148\"><a href=\"https:\/\/uab.ufsc.br\/files\/2019\/06\/46-191.pdf\">Arquivos do Edital<\/a><\/td>\n<\/tr>\n<tr>\n<td width=\"123\" height=\"21\">048\/2019<\/td>\n<td width=\"326\">Sele\u00e7\u00e3o de Tutores Presenciais &#8211; Administra\u00e7\u00e3o<\/td>\n<td width=\"148\"><a href=\"https:\/\/uab.ufsc.br\/files\/2019\/06\/48-19.pdf\">Arquivos do Edital<\/a><\/td>\n<\/tr>\n<tr>\n<td width=\"123\" height=\"41\">049\/2019<\/td>\n<td width=\"326\">Sele\u00e7\u00e3o de Professor   Formador -Ci\u00eancias Biol\u00f3gicas<\/td>\n<td width=\"148\"><a href=\"https:\/\/uab.ufsc.br\/files\/2019\/06\/49-19.pdf\">Arquivos do Edital<\/a><\/td>\n<\/tr>\n<tr>\n<td width=\"123\" height=\"21\">050\/2019<\/td>\n<td width=\"326\">Sele\u00e7\u00e3o de Estagi\u00e1rios &#8211; Game   Comenius<\/td>\n<td width=\"148\"><a href=\"https:\/\/uab.ufsc.br\/files\/2019\/06\/50-19.pdf\">Arquivos do Edital<\/a><\/td>\n<\/tr>\n<tr>\n<td width=\"123\" height=\"21\">051\/2019<\/td>\n<td width=\"326\">Sele\u00e7\u00e3o de Estagi\u00e1rios &#8211; RA<\/td>\n<td width=\"148\"><a href=\"https:\/\/uab.ufsc.br\/files\/2019\/06\/51-19.pdf\">Arquivos do Edital<\/a><\/td>\n<\/tr>\n<tr>\n<td width=\"123\" height=\"41\">052\/2019<\/td>\n<td width=\"326\">Sele\u00e7\u00e3o de Professor   Conteudista &#8211; Equipe Multidisciplinar<\/td>\n<td width=\"148\"><a href=\"https:\/\/uab.ufsc.br\/files\/2019\/06\/52-19.pdf\">Arquivos do Edital<\/a><\/td>\n<\/tr>\n<tr>\n<td width=\"123\" height=\"41\">053\/2019<\/td>\n<td width=\"326\">Sele\u00e7\u00e3o de Professor   Conteudista -Letras Portugu\u00eas<\/td>\n<td width=\"148\"><a href=\"https:\/\/uab.ufsc.br\/files\/2019\/06\/53-19.pdf\">Arquivos do Edital<\/a><\/td>\n<\/tr>\n<tr>\n<td width=\"123\" height=\"21\">054\/2019<\/td>\n<td width=\"326\">Sele\u00e7\u00e3o de Estagi\u00e1rios &#8211; LEDLAB<\/td>\n<td width=\"148\"><a href=\"https:\/\/uab.ufsc.br\/files\/2019\/06\/54-19.pdf\">Arquivos do Edital<\/a><\/td>\n<\/tr>\n<tr>\n<td width=\"123\" height=\"21\">055\/2019<\/td>\n<td width=\"326\">Sele\u00e7\u00e3o de Professor Formador &#8211; Filosofia<\/td>\n<td width=\"148\"><a href=\"https:\/\/uab.ufsc.br\/files\/2019\/06\/55-19.pdf\">Arquivos do Edital<\/a><\/td>\n<\/tr>\n<tr>\n<td width=\"123\" height=\"21\">056\/2019<\/td>\n<td width=\"326\">Sele\u00e7\u00e3o de Estagi\u00e1rios &#8211; LEDLAB e   ADM<\/td>\n<td width=\"148\"><a href=\"https:\/\/uab.ufsc.br\/files\/2019\/06\/56-19.pdf\">Arquivos do Edital<\/a><\/td>\n<\/tr>\n<tr>\n<td height=\"20\">057\/2019<\/td>\n<td>Sele\u00e7\u00e3o de Tutor a Dist\u00e2ncia &#8211; Ci\u00eancias Biol\u00f3gicas<\/td>\n<td><a href=\"https:\/\/uab.ufsc.br\/files\/2019\/06\/57-19.pdf\">Arquivos   do Edital<\/a><\/td>\n<\/tr>\n<\/tbody>\n<\/table>\n<p>&nbsp;<\/p>\n<p><strong>Transpar\u00eancia dos Editais &#8211; 2020<\/strong><\/p>\n<table dir=\"ltr\" border=\"1\" cellspacing=\"0\" cellpadding=\"0\">\n<col width=\"61\"><\/col>\n<col width=\"217\"><\/col>\n<col width=\"136\"><\/col>\n<tbody>\n<tr>\n<td>EDITAL<\/td>\n<td>DESCRI\u00c7\u00c3O<\/td>\n<td>COMPROVANTES<\/td>\n<\/tr>\n<tr>\n<td>001\/2020<\/td>\n<td>Sele\u00e7\u00e3o de Tutor &#8211; Est\u00e1gio Supervisionado: Letras Portugu\u00eas<\/td>\n<td><a href=\"https:\/\/uab.ufsc.br\/files\/2019\/06\/01-2020.pdf\" target=\"_blank\" rel=\"noopener\">Arquivos do Edital<\/a><\/td>\n<\/tr>\n<tr>\n<td>002\/2020<\/td>\n<td>Sele\u00e7\u00e3o de Tutor a Dist\u00e2ncia &#8211; Est\u00e1gio Supervisionado: Letras Portugu\u00eas<\/td>\n<td><a href=\"https:\/\/uab.ufsc.br\/files\/2019\/06\/02-2020.pdf\" target=\"_blank\" rel=\"noopener\">Arquivos do Edital<\/a><\/td>\n<\/tr>\n<tr>\n<td>003\/2020<\/td>\n<td>Sele\u00e7\u00e3o de Estagi\u00e1rios<\/td>\n<td><a href=\"https:\/\/uab.ufsc.br\/files\/2019\/06\/03-20.pdf\" target=\"_blank\" rel=\"noopener\">Arquivos do Edital<\/a><\/td>\n<\/tr>\n<tr>\n<td>004\/2020<\/td>\n<td>Sele\u00e7\u00e3o de Estagi\u00e1rios &#8211; Game Comenius<\/td>\n<td><a href=\"https:\/\/uab.ufsc.br\/editais\/04-20\/\" target=\"_blank\" rel=\"noopener\">Arquivos do Edital<\/a><\/td>\n<\/tr>\n<tr>\n<td>005\/2020<\/td>\n<td>Sele\u00e7\u00e3o de Tutor a Dist\u00e2ncia &#8211; Letras Portugu\u00eas<\/td>\n<td><a href=\"https:\/\/uab.ufsc.br\/files\/2019\/06\/05-2020.pdf\" target=\"_blank\" rel=\"noopener\">Arquivos do Edital<\/a><\/td>\n<\/tr>\n<tr>\n<td>006\/2020<\/td>\n<td>Sele\u00e7\u00e3o de Tutor a Dist\u00e2ncia &#8211; Administra\u00e7\u00e3o<\/td>\n<td><a href=\"https:\/\/uab.ufsc.br\/files\/2019\/06\/06-2020.pdf\" target=\"_blank\" rel=\"noopener\">Arquivos do Edital<\/a><\/td>\n<\/tr>\n<tr>\n<td>007\/2020<\/td>\n<td>Sele\u00e7\u00e3o de Estagi\u00e1rios<\/td>\n<td><a href=\"https:\/\/uab.ufsc.br\/files\/2019\/06\/07-2020.pdf\" target=\"_blank\" rel=\"noopener\">Arquivos do Edital<\/a><\/td>\n<\/tr>\n<tr>\n<td>008\/2020<\/td>\n<td>Sele\u00e7\u00e3o de Tutor a Dist\u00e2ncia &#8211; Ci\u00eancias Biol\u00f3gicas: Fisiologia Vegetal<\/td>\n<td><a href=\"https:\/\/uab.ufsc.br\/files\/2019\/06\/08-2020.pdf\" target=\"_blank\" rel=\"noopener\">Arquivos do Edital<\/a><\/td>\n<\/tr>\n<tr>\n<td>009\/2020<\/td>\n<td>Sele\u00e7\u00e3o de Tutor Presencial &#8211; Est\u00e1gio Supervisionado: Letras Portugu\u00eas<\/td>\n<td><a href=\"https:\/\/uab.ufsc.br\/files\/2019\/06\/09-2020.pdf\" target=\"_blank\" rel=\"noopener\">Arquivos do Edital<\/a><\/td>\n<\/tr>\n<tr>\n<td>010\/2020<\/td>\n<td>Sele\u00e7\u00e3o de Professor Conteudista &#8211; Equipe Multidisciplinar<\/td>\n<td><a href=\"http:\/\/nute.ufsc.br\/uab\/wp-content\/uploads\/2019\/06\/10-20201.pdf\">Arquivos do Edital<\/a><\/td>\n<\/tr>\n<tr>\n<td>011\/2020<\/td>\n<td>Sele\u00e7\u00e3o de Estagi\u00e1rios<\/td>\n<td>Edital suspenso<\/td>\n<\/tr>\n<tr>\n<td>012\/2020<\/td>\n<td>Sele\u00e7\u00e3o de Estagi\u00e1rios<\/td>\n<td>Edital suspenso<\/td>\n<\/tr>\n<tr>\n<td>013\/2020<\/td>\n<td>Sele\u00e7\u00e3o de Professor Formador &#8211; Administra\u00e7\u00e3o<\/td>\n<td><a href=\"https:\/\/uab.ufsc.br\/files\/2019\/06\/13-2020.pdf\" target=\"_blank\" rel=\"noopener\">Arquivos do Edital<\/a><\/td>\n<\/tr>\n<tr>\n<td>014\/2020<\/td>\n<td>Sele\u00e7\u00e3o de Professor Formador &#8211; Administra\u00e7\u00e3o P\u00fablica<\/td>\n<td><a href=\"https:\/\/uab.ufsc.br\/files\/2019\/06\/14-2020.pdf\" target=\"_blank\" rel=\"noopener\">Arquivos do Edital<\/a><\/td>\n<\/tr>\n<tr>\n<td>015\/2020<\/td>\n<td>Sele\u00e7\u00e3o de Professor Conteudista<\/td>\n<td><a href=\"https:\/\/uab.ufsc.br\/files\/2019\/06\/15-2020.pdf\" target=\"_blank\" rel=\"noopener\">Arquivos do Edital<\/a><\/td>\n<\/tr>\n<tr>\n<td>016\/2020<\/td>\n<td>Sele\u00e7\u00e3o de Professor Formador &#8211; Letras Portugu\u00eas<\/td>\n<td><a href=\"https:\/\/uab.ufsc.br\/files\/2019\/06\/16-20201.pdf\" target=\"_blank\" rel=\"noopener\">Arquivos do Edital<\/a><\/td>\n<\/tr>\n<tr>\n<td>017\/2020<\/td>\n<td>Sele\u00e7\u00e3o de Tutor a Dist\u00e2ncia &#8211; Letras Portugu\u00eas<\/td>\n<td><a href=\"https:\/\/uab.ufsc.br\/files\/2019\/06\/17-2020.pdf\" target=\"_blank\" rel=\"noopener\">Arquivos do Edital<\/a><\/td>\n<\/tr>\n<tr>\n<td>018\/2020<\/td>\n<td>Sele\u00e7\u00e3o de Tutor a Dist\u00e2ncia: Ci\u00eancias Biol\u00f3gicas<\/td>\n<td><a href=\"https:\/\/uab.ufsc.br\/files\/2019\/06\/18-2020.pdf\" target=\"_blank\" rel=\"noopener\">Arquivos do Edital<\/a><\/td>\n<\/tr>\n<tr>\n<td>019\/2020<\/td>\n<td>Sele\u00e7\u00e3o de Estagi\u00e1rios<\/td>\n<td><a href=\"https:\/\/uab.ufsc.br\/files\/2019\/06\/19-2020.pdf\" target=\"_blank\" rel=\"noopener\">Arquivos do Edital<\/a><\/td>\n<\/tr>\n<tr>\n<td>020\/2020<\/td>\n<td>Sele\u00e7\u00e3o de Estagi\u00e1rios &#8211; Libras<\/td>\n<td><a href=\"https:\/\/uab.ufsc.br\/files\/2019\/06\/20-2020.pdf\" target=\"_blank\" rel=\"noopener\">Arquivos do Edital<\/a><\/td>\n<\/tr>\n<tr>\n<td>021\/2020<\/td>\n<td>Sele\u00e7\u00e3o de Professor Formador \u2013 Libras<\/td>\n<td><a href=\"http:\/\/nute.ufsc.br\/uab\/wp-content\/uploads\/2019\/06\/Edital-21-2020.pdf\">Arquivos do Edital<\/a><\/td>\n<\/tr>\n<tr>\n<td>022\/2020<\/td>\n<td>Sele\u00e7\u00e3o de Estagi\u00e1rios &#8211; Programa\u00e7\u00e3o<\/td>\n<td><a href=\"https:\/\/uab.ufsc.br\/files\/2019\/06\/22-2020.pdf\" target=\"_blank\" rel=\"noopener\">Arquivos do Edital<\/a><\/td>\n<\/tr>\n<tr>\n<td>023\/2020<\/td>\n<td>Sele\u00e7\u00e3o de Professor Formador &#8211; Administra\u00e7\u00e3o P\u00fablica<\/td>\n<td><a href=\"http:\/\/nute.ufsc.br\/uab\/wp-content\/uploads\/2019\/06\/Edital-23-2020.pdf\">Arquivos do Edital<\/a><\/td>\n<\/tr>\n<tr>\n<td>024\/2020<\/td>\n<td>Sele\u00e7\u00e3o de Estagi\u00e1rios &#8211; Programa\u00e7\u00e3o<\/td>\n<td><a href=\"http:\/\/nute.ufsc.br\/uab\/wp-content\/uploads\/2019\/06\/Edital-24-2020.pdf\">Arquivos do Edital<\/a><\/td>\n<\/tr>\n<tr>\n<td>025\/2020<\/td>\n<td>Sele\u00e7\u00e3o de Tutor &#8211; Libras<\/td>\n<td><a href=\"http:\/\/nute.ufsc.br\/uab\/wp-content\/uploads\/2019\/06\/Edital-25-2020.pdf\">Arquivos do Edital<\/a><\/td>\n<\/tr>\n<tr>\n<td>026\/2020<\/td>\n<td>Sele\u00e7\u00e3o de Professor Formador &#8211; Administra\u00e7\u00e3o<\/td>\n<td><a href=\"http:\/\/nute.ufsc.br\/uab\/wp-content\/uploads\/2019\/06\/Edital-26-2020.pdf\">Arquivos do Edital<\/a><\/td>\n<\/tr>\n<tr>\n<td>027\/2020<\/td>\n<td>Sele\u00e7\u00e3o de Professor Formador &#8211; Administra\u00e7\u00e3o P\u00fablica (TCC)<\/td>\n<td><a href=\"http:\/\/nute.ufsc.br\/uab\/wp-content\/uploads\/2019\/06\/Edital-27-2020-Completo.pdf\">Arquivos do Edital<\/a><\/td>\n<\/tr>\n<tr>\n<td>028\/2020<\/td>\n<td>Sele\u00e7\u00e3o de Professor Formador &#8211; Letras Portugu\u00eas<\/td>\n<td><a href=\"http:\/\/nute.ufsc.br\/uab\/wp-content\/uploads\/2019\/06\/Edital-28-2020-Completo1.pdf\">Arquivos do Edital<\/a><\/td>\n<\/tr>\n<tr>\n<td>029\/2020<\/td>\n<td>Sele\u00e7\u00e3o de Tutor &#8211; Letras Portugu\u00eas<\/td>\n<td><a href=\"http:\/\/nute.ufsc.br\/uab\/wp-content\/uploads\/2019\/06\/Edital-29-2020-Completo.pdf\">Arquivos do Edital<\/a><\/td>\n<\/tr>\n<\/tbody>\n<\/table>\n<p>&nbsp;<\/p>\n<p><strong>Transpar\u00eancia dos Editais &#8211; 2021<\/strong><\/p>\n<table dir=\"ltr\" border=\"1\" cellspacing=\"0\" cellpadding=\"0\">\n<col width=\"61\"><\/col>\n<col width=\"217\"><\/col>\n<col width=\"136\"><\/col>\n<tbody>\n<tr>\n<td>EDITAL<\/td>\n<td>DESCRI\u00c7\u00c3O<\/td>\n<td>COMPROVANTES<\/td>\n<\/tr>\n<tr>\n<td>001\/2021<\/td>\n<td>Sele\u00e7\u00e3o de Tutor &#8211; Ci\u00eancias Biol\u00f3gicas<\/td>\n<td><a href=\"http:\/\/nute.ufsc.br\/uab\/wp-content\/uploads\/2019\/06\/edital-1-2021.pdf\">Arquivos do Edital<\/a><\/td>\n<\/tr>\n<tr>\n<td>002\/2021<\/td>\n<td>Sele\u00e7\u00e3o de Professor Conteudista (Tecnologia)<\/td>\n<td><a href=\"http:\/\/nute.ufsc.br\/uab\/wp-content\/uploads\/2019\/06\/Edital-02-2021-Completo.pdf\">Arquivos do Edital<\/a><br \/>\n<a href=\"http:\/\/nute.ufsc.br\/uab\/wp-content\/uploads\/2019\/06\/Edital-26-2020.pdf\"><\/a><\/td>\n<\/tr>\n<tr>\n<td>003\/2021<\/td>\n<td>Sele\u00e7\u00e3o de Tutor &#8211; Ci\u00eancias Biol\u00f3gicas<\/td>\n<td><a href=\"http:\/\/nute.ufsc.br\/uab\/wp-content\/uploads\/2019\/06\/Edital-03-2021-Completo.pdf\">Arquivos do Edital<\/a><br \/>\n<a href=\"http:\/\/nute.ufsc.br\/uab\/wp-content\/uploads\/2019\/06\/Edital-26-2020.pdf\"><\/a><\/td>\n<\/tr>\n<tr>\n<td>004\/2021<\/td>\n<td>Sele\u00e7\u00e3o de Professor Formador &#8211; Administra\u00e7\u00e3o (Repercurso)<\/td>\n<td><a href=\"http:\/\/nute.ufsc.br\/uab\/wp-content\/uploads\/2019\/06\/ilovepdf_merged-1.pdf\">Arquivos do Edital<\/a><a href=\"http:\/\/nute.ufsc.br\/uab\/wp-content\/uploads\/2019\/06\/Edital-26-2020.pdf\"><\/a><\/td>\n<\/tr>\n<tr>\n<td>005\/2021<\/td>\n<td>Sele\u00e7\u00e3o de Professor Formador &#8211; Administra\u00e7\u00e3o (TCC)<\/td>\n<td><a href=\"http:\/\/nute.ufsc.br\/uab\/wp-content\/uploads\/2019\/06\/Edital-05-2021-completo.pdf\">Arquivos do Edital<\/a><br \/>\n<a href=\"http:\/\/nute.ufsc.br\/uab\/wp-content\/uploads\/2019\/06\/Edital-26-2020.pdf\"><\/a><\/td>\n<\/tr>\n<tr>\n<td>006\/2021<\/td>\n<td>Sele\u00e7\u00e3o de Professor Formador &#8211; Libras<\/td>\n<td><a href=\"http:\/\/nute.ufsc.br\/uab\/wp-content\/uploads\/2019\/06\/ilovepdf_merged1.pdf\">Arquivos do Edital<\/a><br \/>\n<a href=\"http:\/\/nute.ufsc.br\/uab\/wp-content\/uploads\/2019\/06\/Edital-26-2020.pdf\"><\/a><\/td>\n<\/tr>\n<\/tbody>\n<\/table>\n<p>&nbsp;<\/p>\n<p><strong>Transpar\u00eancia dos Editais &#8211; 2022<\/strong><\/p>\n<table border=\"0\" cellspacing=\"0\" cellpadding=\"0\" width=\"597\">\n<col width=\"123\"><\/col>\n<col width=\"326\"><\/col>\n<col width=\"148\"><\/col>\n<tbody>\n<tr>\n<td width=\"123\" height=\"21\">EDITAL<\/td>\n<td width=\"326\">DESCRI\u00c7\u00c3O<\/td>\n<td width=\"148\">COMPROVANTES<\/td>\n<\/tr>\n<tr>\n<td width=\"123\" height=\"21\">001\/2022<\/td>\n<td width=\"326\">Sele\u00e7\u00e3o de Estagi\u00e1rios<\/td>\n<td width=\"148\"><a href=\"http:\/\/nute.ufsc.br\/uab\/wp-content\/uploads\/2019\/06\/Edital-01-2022-Completo.pdf\">Arquivos do Edital<\/a><\/td>\n<\/tr>\n<tr>\n<td width=\"123\" height=\"21\">002\/2022<\/td>\n<td width=\"326\">Sele\u00e7\u00e3o de Professor Formador &#8211; Filosofia<\/td>\n<td width=\"148\"><a href=\"http:\/\/nute.ufsc.br\/uab\/wp-content\/uploads\/2019\/06\/Edital-02-2022-Completo.pdf\">Arquivos do Edital<\/a><\/td>\n<\/tr>\n<tr>\n<td width=\"123\" height=\"21\">003\/2022<\/td>\n<td width=\"326\">Sele\u00e7\u00e3o de Estagi\u00e1rios<\/td>\n<td width=\"148\"><a href=\"http:\/\/nute.ufsc.br\/uab\/wp-content\/uploads\/2019\/06\/Edital-03-2022-Completo.pdf\">Arquivos do Edital<\/a><\/td>\n<\/tr>\n<tr>\n<td width=\"123\" height=\"21\">004\/2022<\/td>\n<td width=\"326\">Sele\u00e7\u00e3o de Estagi\u00e1rios<\/td>\n<td width=\"148\"><a href=\"http:\/\/nute.ufsc.br\/uab\/wp-content\/uploads\/2019\/06\/Edital-04-2022-Completo.pdf\">Arquivos do Edital<\/a><\/td>\n<\/tr>\n<tr>\n<td width=\"123\" height=\"21\">005\/2022<\/td>\n<td width=\"326\">Sele\u00e7\u00e3o de Professor Formador<\/td>\n<td width=\"148\"><a href=\"http:\/\/nute.ufsc.br\/uab\/wp-content\/uploads\/2019\/06\/Edital-5-combinado.pdf\">Arquivos do Edital<\/a><\/td>\n<\/tr>\n<tr>\n<td width=\"123\" height=\"21\">006 e 007\/2022<\/td>\n<td width=\"326\">Sele\u00e7\u00e3o de Professor Conteudista<\/td>\n<td width=\"148\"><a href=\"http:\/\/nute.ufsc.br\/uab\/wp-content\/uploads\/2019\/06\/edital-6-combinado-2.pdf\">Arquivos do Edital<\/a><\/td>\n<\/tr>\n<tr>\n<td width=\"123\" height=\"21\">008\/2022 (retificado por 011\/2022)<\/td>\n<td width=\"326\">Sele\u00e7\u00e3o de Professor Conteudista &#8211; Ci\u00eancias Biol\u00f3gicas<\/td>\n<td width=\"148\"><a href=\"http:\/\/nute.ufsc.br\/uab\/wp-content\/uploads\/2019\/06\/Edital-08-22-retificado-por-11-22.pdf\">Arquivos do Edital<\/a><\/td>\n<\/tr>\n<tr>\n<td width=\"123\" height=\"21\">009\/2022<\/td>\n<td width=\"326\">Sele\u00e7\u00e3o de Estagi\u00e1rios<\/td>\n<td width=\"148\"><a href=\"http:\/\/nute.ufsc.br\/uab\/wp-content\/uploads\/2019\/06\/Edital-09-2022-Graduacao.pdf\">Arquivos do Edital<\/a><\/td>\n<\/tr>\n<tr>\n<td width=\"123\" height=\"21\">010\/2022 (retificado por 012\/2022<\/td>\n<td width=\"326\">Sele\u00e7\u00e3o de Professor Conteudista &#8211; Filosofia<\/td>\n<td width=\"148\"><a href=\"http:\/\/nute.ufsc.br\/uab\/wp-content\/uploads\/2019\/06\/Edital-10-22-retificado-por-12-22.pdf\">Arquivos do Edital<\/a><\/td>\n<\/tr>\n<tr>\n<td width=\"123\" height=\"21\">013\/2022<\/td>\n<td width=\"326\">Sele\u00e7\u00e3o de Professor Conteudista &#8211; Matem\u00e1tica<\/td>\n<td width=\"148\"><a title=\"Arquivos do Edital\" href=\"http:\/\/nute.ufsc.br\/uab\/wp-content\/uploads\/2022\/10\/Edital-13-Professor-Conteudista-Matematica-4-2.pdf\" target=\"_blank\" rel=\"noopener\">Arquivos do Edital<\/a> (N\u00e3o houve candidatos inscritos).<\/td>\n<\/tr>\n<\/tbody>\n<\/table>\n","protected":false},"excerpt":{"rendered":"<p>Acesso ao Edital da Coordena\u00e7\u00e3o Geral (desde 2019): Edital n\u00ba10\/SEAD\/UFSC\/2019 Portarias de nomea\u00e7\u00e3o &#8211; Gest\u00e3o Atual: Coordenador Geral (2019-2021) Coordenador Geral (2021-2023) Coordenador Adjunto (2019-2021) Coordenador Adjunto (2021-2023) Coordena\u00e7\u00e3o de Tutoria (2020-2021) Coordena\u00e7\u00e3o de Tutoria (2021-2023) Transpar\u00eancia dos Editais a partir de maio de 2019 EDITAL DESCRI\u00c7\u00c3O COMPROVANTES 016\/2019 Sele\u00e7\u00e3o de Estagi\u00e1rios Arquivos do Edital [&hellip;]<\/p>\n","protected":false},"author":1,"featured_media":0,"parent":0,"menu_order":0,"comment_status":"closed","ping_status":"open","template":"","meta":{"_et_pb_use_builder":"","_et_pb_old_content":"","_et_gb_content_width":"","inline_featured_image":false,"footnotes":""},"class_list":["post-8775","page","type-page","status-publish","hentry"],"_links":{"self":[{"href":"https:\/\/nute.ufsc.br\/uab\/wp-json\/wp\/v2\/pages\/8775","targetHints":{"allow":["GET"]}}],"collection":[{"href":"https:\/\/nute.ufsc.br\/uab\/wp-json\/wp\/v2\/pages"}],"about":[{"href":"https:\/\/nute.ufsc.br\/uab\/wp-json\/wp\/v2\/types\/page"}],"author":[{"embeddable":true,"href":"https:\/\/nute.ufsc.br\/uab\/wp-json\/wp\/v2\/users\/1"}],"replies":[{"embeddable":true,"href":"https:\/\/nute.ufsc.br\/uab\/wp-json\/wp\/v2\/comments?post=8775"}],"version-history":[{"count":0,"href":"https:\/\/nute.ufsc.br\/uab\/wp-json\/wp\/v2\/pages\/8775\/revisions"}],"wp:attachment":[{"href":"https:\/\/nute.ufsc.br\/uab\/wp-json\/wp\/v2\/media?parent=8775"}],"curies":[{"name":"wp","href":"https:\/\/api.w.org\/{rel}","templated":true}]}}